{"id":2836,"date":"2020-04-24T15:11:21","date_gmt":"2020-04-24T19:11:21","guid":{"rendered":"https:\/\/www.faceyogapassion.com\/?page_id=2836"},"modified":"2020-04-24T16:13:39","modified_gmt":"2020-04-24T20:13:39","slug":"groupe-jouvence-prestige","status":"publish","type":"page","link":"https:\/\/www.faceyogapassion.com\/en\/groupe-jouvence-prestige\/","title":{"rendered":"Groupe Jouvence Prestige"},"content":{"rendered":"<p>[vc_row css_animation=&#8221;&#8221; row_type=&#8221;row&#8221; use_row_as_full_screen_section=&#8221;no&#8221; type=&#8221;grid&#8221; angled_section=&#8221;no&#8221; text_align=&#8221;left&#8221; background_image_as_pattern=&#8221;without_pattern&#8221; z_index=&#8221;&#8221; css=&#8221;.vc_custom_1587755722972{padding-top: 60px !important;padding-bottom: 60px !important;}&#8221;][vc_column width=&#8221;1\/2&#8243;][vc_column_text]<\/p>\n<h1 style=\"color: #b32c8a; font-size: 48px;\">Solution Anti-\u00c2ge<\/h1>\n<p style=\"font-size: 18px; text-align: justify; line-height: 30px;\">Pr\u00eates \u00e0 raviver votre apparence, ralentir les signes du temps, obtenir un teint radieux et reprendre confiance en vous?<br \/>\nTout <strong>NATURELLEMENT<\/strong>.<br \/>\nVous \u00eates \u00e0 la bonne place!<\/p>\n<p style=\"font-size: 18px; text-align: justify; line-height: 30px;\">Vous voulez r\u00e9duire les rides du front, rides du lion, pattes d\u2019oies, sourire et m\u00e2choire tombante et double menton?<\/p>\n<p style=\"font-size: 18px; text-align: justify; line-height: 30px;\">Les bienfaits du Yoga Facial vont vous permettre d\u2019adoucir vos traits ind\u00e9sirable avec une m\u00e9thode efficace. Prenez un engagement de quelque minutes au quotidien pour <em>votre bien-\u00eatre<\/em>.<\/p>\n<p>[\/vc_column_text][\/vc_column][vc_column width=&#8221;1\/2&#8243;][vc_column_text]<img fetchpriority=\"high\" decoding=\"async\" class=\"alignnone size-full wp-image-2816\" src=\"https:\/\/www.faceyogapassion.com\/wp-content\/uploads\/2020\/04\/Marie-Reine-Kabis-FYP-01.jpg\" alt=\"Marie-Reine Kabis\" width=\"630\" height=\"504\" srcset=\"https:\/\/www.faceyogapassion.com\/wp-content\/uploads\/2020\/04\/Marie-Reine-Kabis-FYP-01.jpg 630w, https:\/\/www.faceyogapassion.com\/wp-content\/uploads\/2020\/04\/Marie-Reine-Kabis-FYP-01-300x240.jpg 300w, https:\/\/www.faceyogapassion.com\/wp-content\/uploads\/2020\/04\/Marie-Reine-Kabis-FYP-01-375x300.jpg 375w\" sizes=\"(max-width: 630px) 100vw, 630px\" \/>[\/vc_column_text][\/vc_column][\/vc_row][vc_row css_animation=&#8221;&#8221; row_type=&#8221;row&#8221; use_row_as_full_screen_section=&#8221;no&#8221; type=&#8221;grid&#8221; angled_section=&#8221;no&#8221; text_align=&#8221;left&#8221; background_image_as_pattern=&#8221;without_pattern&#8221; css=&#8221;.vc_custom_1587756170331{margin-top: -30px !important;padding-bottom: 70px !important;}&#8221; z_index=&#8221;&#8221;][vc_column width=&#8221;1\/2&#8243;][vc_column_text]<img decoding=\"async\" class=\"alignnone size-full wp-image-2818\" src=\"https:\/\/www.faceyogapassion.com\/wp-content\/uploads\/2020\/04\/Marie-Reine-Kabis-FYP-02.jpg\" alt=\"Marie-Reine Kabis\" width=\"684\" height=\"504\" srcset=\"https:\/\/www.faceyogapassion.com\/wp-content\/uploads\/2020\/04\/Marie-Reine-Kabis-FYP-02.jpg 684w, https:\/\/www.faceyogapassion.com\/wp-content\/uploads\/2020\/04\/Marie-Reine-Kabis-FYP-02-300x221.jpg 300w, https:\/\/www.faceyogapassion.com\/wp-content\/uploads\/2020\/04\/Marie-Reine-Kabis-FYP-02-400x295.jpg 400w\" sizes=\"(max-width: 684px) 100vw, 684px\" \/>[\/vc_column_text][\/vc_column][vc_column width=&#8221;1\/2&#8243;][vc_column_text css=&#8221;.vc_custom_1587756047897{padding-top: 50px !important;}&#8221;]<\/p>\n<p style=\"font-size: 18px; text-align: justify; line-height: 30px;\">Lorsque pratiqu\u00e9es ad\u00e9quatement, ces techniques uniques permettent de tonifier et de raffermir la peau tout en douceur.<\/p>\n<p style=\"font-size: 18px; line-height: 30px;\">Rajeunissez votre apparence.<\/p>\n<p style=\"font-size: 18px; line-height: 30px;\">Mieux-\u00eatre assur\u00e9.<\/p>\n<p>[\/vc_column_text][\/vc_column][\/vc_row][vc_row css_animation=&#8221;&#8221; row_type=&#8221;row&#8221; use_row_as_full_screen_section=&#8221;no&#8221; type=&#8221;grid&#8221; angled_section=&#8221;no&#8221; text_align=&#8221;left&#8221; background_image=&#8221;2826&#8243; background_image_as_pattern=&#8221;without_pattern&#8221; css=&#8221;.vc_custom_1587756417857{padding-top: 100px !important;padding-bottom: 100px !important;}&#8221; z_index=&#8221;&#8221;][vc_column][vc_column_text]<\/p>\n<div align=\"center\">\n<h1 style=\"color: #ffffff;\">Ce que les gens disent du Yoga Facial avec Marie-Reine Kabis<\/h1>\n<\/div>\n<p>[\/vc_column_text][vc_empty_space height=&#8221;50px&#8221;][vc_row_inner row_type=&#8221;row&#8221; type=&#8221;full_width&#8221; text_align=&#8221;left&#8221; css_animation=&#8221;&#8221;][vc_column_inner width=&#8221;1\/2&#8243;][vc_video link=&#8221;https:\/\/vimeo.com\/411527581\/3c0d3686f5&#8243; align=&#8221;center&#8221;][vc_empty_space height=&#8221;30px&#8221;][vc_column_text]<\/p>\n<div align=\"center\">\n<h3 style=\"color: #ffffff;\">Julie Pelletier<\/h3>\n<\/div>\n<p>[\/vc_column_text][\/vc_column_inner][vc_column_inner width=&#8221;1\/2&#8243;][vc_video link=&#8221;https:\/\/vimeo.com\/411528561\/f1936de116&#8243; align=&#8221;center&#8221;][vc_empty_space height=&#8221;30px&#8221;][vc_column_text]<\/p>\n<div align=\"center\">\n<h3 style=\"color: #ffffff;\">Suzie Beaudoin<\/h3>\n<\/div>\n<p>[\/vc_column_text][\/vc_column_inner][\/vc_row_inner][\/vc_column][\/vc_row][vc_row css_animation=&#8221;&#8221; row_type=&#8221;row&#8221; use_row_as_full_screen_section=&#8221;no&#8221; type=&#8221;full_width&#8221; angled_section=&#8221;no&#8221; text_align=&#8221;left&#8221; background_image_as_pattern=&#8221;without_pattern&#8221; css=&#8221;.vc_custom_1587756833402{padding-top: 70px !important;padding-bottom: 30px !important;}&#8221; z_index=&#8221;&#8221;][vc_column][vc_column_text]<\/p>\n<div align=\"center\">\n<h1>Tel que vu dans les magazines :<\/h1>\n<\/div>\n<p>[\/vc_column_text][\/vc_column][\/vc_row][vc_row css_animation=&#8221;&#8221; row_type=&#8221;row&#8221; use_row_as_full_screen_section=&#8221;no&#8221; type=&#8221;grid&#8221; angled_section=&#8221;no&#8221; text_align=&#8221;left&#8221; background_image_as_pattern=&#8221;without_pattern&#8221; z_index=&#8221;&#8221; css=&#8221;.vc_custom_1587756844201{padding-bottom: 70px !important;}&#8221;][vc_column width=&#8221;1\/3&#8243;][vc_column_text]<img decoding=\"async\" class=\"alignnone size-full wp-image-2735\" src=\"https:\/\/www.faceyogapassion.com\/wp-content\/uploads\/2020\/01\/mieux-etres-logo.jpg\" alt=\"mieux-\u00eatre\" width=\"500\" height=\"184\" srcset=\"https:\/\/www.faceyogapassion.com\/wp-content\/uploads\/2020\/01\/mieux-etres-logo.jpg 500w, https:\/\/www.faceyogapassion.com\/wp-content\/uploads\/2020\/01\/mieux-etres-logo-300x110.jpg 300w, https:\/\/www.faceyogapassion.com\/wp-content\/uploads\/2020\/01\/mieux-etres-logo-400x147.jpg 400w\" sizes=\"(max-width: 500px) 100vw, 500px\" \/>[\/vc_column_text][\/vc_column][vc_column width=&#8221;1\/3&#8243;][vc_column_text]<img loading=\"lazy\" decoding=\"async\" class=\"alignnone size-full wp-image-2739\" src=\"https:\/\/www.faceyogapassion.com\/wp-content\/uploads\/2020\/01\/chatelaine-logo.jpg\" alt=\"Chatelaine\" width=\"500\" height=\"184\" srcset=\"https:\/\/www.faceyogapassion.com\/wp-content\/uploads\/2020\/01\/chatelaine-logo.jpg 500w, https:\/\/www.faceyogapassion.com\/wp-content\/uploads\/2020\/01\/chatelaine-logo-300x110.jpg 300w, https:\/\/www.faceyogapassion.com\/wp-content\/uploads\/2020\/01\/chatelaine-logo-400x147.jpg 400w\" sizes=\"(max-width: 500px) 100vw, 500px\" \/>[\/vc_column_text][\/vc_column][vc_column width=&#8221;1\/3&#8243;][vc_column_text]<img loading=\"lazy\" decoding=\"async\" class=\"alignnone size-full wp-image-2737\" src=\"https:\/\/www.faceyogapassion.com\/wp-content\/uploads\/2020\/01\/bommers-cie.jpg\" alt=\"Boomers &amp; Cie\" width=\"500\" height=\"184\" srcset=\"https:\/\/www.faceyogapassion.com\/wp-content\/uploads\/2020\/01\/bommers-cie.jpg 500w, https:\/\/www.faceyogapassion.com\/wp-content\/uploads\/2020\/01\/bommers-cie-300x110.jpg 300w, https:\/\/www.faceyogapassion.com\/wp-content\/uploads\/2020\/01\/bommers-cie-400x147.jpg 400w\" sizes=\"(max-width: 500px) 100vw, 500px\" \/>[\/vc_column_text][\/vc_column][\/vc_row][vc_row css_animation=&#8221;&#8221; row_type=&#8221;row&#8221; use_row_as_full_screen_section=&#8221;no&#8221; type=&#8221;grid&#8221; angled_section=&#8221;no&#8221; text_align=&#8221;center&#8221; background_image_as_pattern=&#8221;without_pattern&#8221; background_color=&#8221;#f2f2f2&#8243; z_index=&#8221;&#8221; css=&#8221;.vc_custom_1587757630935{padding-top: 40px !important;padding-bottom: 40px !important;}&#8221;][vc_column][vc_column_text]<\/p>\n<h3 style=\"margin-top: 20px;\"><strong>Voil\u00e0 votre forfait beaut\u00e9 <span style=\"color: #eb168d;\">JOUVENCE PRESTIGE<\/span> de 8 semaines<\/strong><\/h3>\n<p style=\"font-size: 21px;\"><strong>Offrez \u00e0 votre visage une cure naturelle de rajeunissement.<\/strong><\/p>\n<p><strong>Un programme pour red\u00e9couvrir votre visage une semaine \u00e0 la fois.<\/strong><\/p>\n<p><span style=\"font-size: 16px;\"><strong>Le forfait comprend:<br \/>\n6 heures de consultation via Zoom, donc 45 minutes par semaines.<br \/>\nVous recevez 8 vid\u00e9os accompagn\u00e9es chacune des documents explicatifs.<\/strong><\/span><br \/>\n<span style=\"font-size: 16px;\"><strong>Semaine 1 :<\/strong> Front (inclus la ride du lion)<\/span><br \/>\n<span style=\"font-size: 16px;\"><strong>Semaine 2 :<\/strong> Yeux (inclus les pattes d\u2019oie)<\/span><br \/>\n<span style=\"font-size: 16px;\"><strong>Semaine 3 :<\/strong> Bouche (sym\u00e9trie)<\/span><br \/>\n<span style=\"font-size: 16px;\"><strong>Semaine 4 :<\/strong> L\u00e8vres (inclus les rides du fumeur)<\/span><br \/>\n<span style=\"font-size: 16px;\"><strong>Semaine 5 :<\/strong> Joues (augmentation ou r\u00e9duction)<\/span><br \/>\n<span style=\"font-size: 16px;\"><strong>Semaine 6 :<\/strong> Plis nasog\u00e9niens (inclus les rides du sourire)<\/span><br \/>\n<span style=\"font-size: 16px;\"><strong>Semaine 7 :<\/strong> Cou et menton (inclus l\u2019affaissement de la peau et le double-menton)<\/span><br \/>\n<span style=\"font-size: 16px;\"><strong>Semaine 8\u00a0:<\/strong> Exercices avanc\u00e9s\u00a0(inclus un mini-lifting)<\/span><\/p>\n<p><span style=\"font-size: 16px;\">Des exercices sur une nouvelle partie du visage \u00e0 chaque semaine.<\/span><\/p>\n<p><span style=\"font-size: 16px;\">Une structure de programme d\u00e9velopp\u00e9e pour des r\u00e9sultats optimaux.<\/span><\/p>\n<p><span style=\"font-size: 16px;\"><strong>Bonus:<\/strong> Tableaux musculaires<\/span><\/p>\n<p><strong>PLUS;<\/strong><br \/>\nFaire partis d\u2019une communaut\u00e9 sur Facebook o\u00f9 je serai pr\u00e9sente pour r\u00e9pondre \u00e0 vos questions durant la semaine. En plus de vous encourager individuellement.[\/vc_column_text][vc_empty_space height=&#8221;30px&#8221;][\/vc_column][\/vc_row][vc_row css_animation=&#8221;&#8221; row_type=&#8221;row&#8221; use_row_as_full_screen_section=&#8221;no&#8221; type=&#8221;full_width&#8221; angled_section=&#8221;no&#8221; text_align=&#8221;center&#8221; background_image_as_pattern=&#8221;without_pattern&#8221; css=&#8221;.vc_custom_1587758037558{padding-top: 70px !important;padding-bottom: 70px !important;}&#8221; z_index=&#8221;&#8221;][vc_column][vc_column_text]<\/p>\n<div align=\"center\">\n<h3>J\u2019offre ce forfait en individuel \u00e0 1198$<\/h3>\n<p style=\"font-size: 36px; margin-bottom: 25px; margin-top: 25px;\"><strong>Pour le groupe<\/strong><\/p>\n<p style=\"font-size: 36px;\"><span style=\"color: #eb168d;\"><strong>798$<\/strong><\/span><\/p>\n<\/div>\n<p>[\/vc_column_text][vc_empty_space]<a  itemprop=\"url\" href=\"https:\/\/www.faceyogapassion.com\/courses\/groupe-jouvence-prestige-8-semaines\/\" target=\"_self\" data-hover-background-color='#97b76e'  class=\"qbutton  large center default\" style=\"color: #ffffff; background-color: #a9d255;\">Oui je le veux !<\/a>[vc_empty_space][vc_column_text]<\/p>\n<div align=\"center\">\n<p style=\"font-size: 24px; margin-bottom: 25px; margin-top: 25px;\"><strong>8 semaines pour votre transformation.<\/strong><\/p>\n<p style=\"font-size: 24px; margin-bottom: 25px; margin-top: 25px;\"><strong>Car chaque semaine vous am\u00e8ne plus pr\u00e8s de votre beaut\u00e9 naturel.<\/strong><\/p>\n<\/div>\n<p>[\/vc_column_text][\/vc_column][\/vc_row]<\/p>\n","protected":false},"excerpt":{"rendered":"<p>[vc_row css_animation=&#8221;&#8221; row_type=&#8221;row&#8221; use_row_as_full_screen_section=&#8221;no&#8221; type=&#8221;grid&#8221; angled_section=&#8221;no&#8221; text_align=&#8221;left&#8221; background_image_as_pattern=&#8221;without_pattern&#8221; z_index=&#8221;&#8221; css=&#8221;.vc_custom_1587755722972{padding-top: 60px !important;padding-bottom: 60px !important;}&#8221;][vc_column width=&#8221;1\/2&#8243;][vc_column_text] Solution Anti-\u00c2ge Pr\u00eates \u00e0 raviver votre apparence, ralentir les signes du temps, obtenir un teint radieux et reprendre confiance en vous? Tout NATURELLEMENT. Vous \u00eates \u00e0 la bonne place! Vous&#8230;<\/p>\n","protected":false},"author":3,"featured_media":0,"parent":0,"menu_order":0,"comment_status":"closed","ping_status":"closed","template":"full_width.php","meta":{"footnotes":""},"class_list":["post-2836","page","type-page","status-publish","hentry"],"yoast_head":"<!-- This site is optimized with the Yoast SEO plugin v27.1.1 - https:\/\/yoast.com\/product\/yoast-seo-wordpress\/ -->\n<title>Groupe Jouvence Prestige - Face Yoga Passion<\/title>\n<meta name=\"robots\" content=\"index, follow, max-snippet:-1, max-image-preview:large, max-video-preview:-1\" \/>\n<link rel=\"canonical\" href=\"https:\/\/www.faceyogapassion.com\/en\/groupe-jouvence-prestige\/\" \/>\n<meta property=\"og:locale\" content=\"en_US\" \/>\n<meta property=\"og:type\" content=\"article\" \/>\n<meta property=\"og:title\" content=\"Groupe Jouvence Prestige - Face Yoga Passion\" \/>\n<meta property=\"og:description\" content=\"[vc_row css_animation=&#8221;&#8221; row_type=&#8221;row&#8221; use_row_as_full_screen_section=&#8221;no&#8221; type=&#8221;grid&#8221; angled_section=&#8221;no&#8221; text_align=&#8221;left&#8221; background_image_as_pattern=&#8221;without_pattern&#8221; z_index=&#8221;&#8221; css=&#8221;.vc_custom_1587755722972{padding-top: 60px !important;padding-bottom: 60px !important;}&#8221;][vc_column width=&#8221;1\/2&#8243;][vc_column_text] Solution Anti-\u00c2ge Pr\u00eates \u00e0 raviver votre apparence, ralentir les signes du temps, obtenir un teint radieux et reprendre confiance en vous? Tout NATURELLEMENT. Vous \u00eates \u00e0 la bonne place! Vous...\" \/>\n<meta property=\"og:url\" content=\"https:\/\/www.faceyogapassion.com\/en\/groupe-jouvence-prestige\/\" \/>\n<meta property=\"og:site_name\" content=\"Face Yoga Passion\" \/>\n<meta property=\"article:publisher\" content=\"https:\/\/www.facebook.com\/faceyogapassion\/\" \/>\n<meta property=\"article:modified_time\" content=\"2020-04-24T20:13:39+00:00\" \/>\n<meta property=\"og:image\" content=\"https:\/\/www.faceyogapassion.com\/wp-content\/uploads\/2020\/04\/Marie-Reine-Kabis-FYP-01.jpg\" \/>\n<meta name=\"twitter:card\" content=\"summary_large_image\" \/>\n<script type=\"application\/ld+json\" class=\"yoast-schema-graph\">{\"@context\":\"https:\/\/schema.org\",\"@graph\":[{\"@type\":\"WebPage\",\"@id\":\"https:\/\/www.faceyogapassion.com\/en\/groupe-jouvence-prestige\/\",\"url\":\"https:\/\/www.faceyogapassion.com\/en\/groupe-jouvence-prestige\/\",\"name\":\"Groupe Jouvence Prestige - Face Yoga Passion\",\"isPartOf\":{\"@id\":\"https:\/\/www.faceyogapassion.com\/#website\"},\"primaryImageOfPage\":{\"@id\":\"https:\/\/www.faceyogapassion.com\/en\/groupe-jouvence-prestige\/#primaryimage\"},\"image\":{\"@id\":\"https:\/\/www.faceyogapassion.com\/en\/groupe-jouvence-prestige\/#primaryimage\"},\"thumbnailUrl\":\"https:\/\/www.faceyogapassion.com\/wp-content\/uploads\/2020\/04\/Marie-Reine-Kabis-FYP-01.jpg\",\"datePublished\":\"2020-04-24T19:11:21+00:00\",\"dateModified\":\"2020-04-24T20:13:39+00:00\",\"breadcrumb\":{\"@id\":\"https:\/\/www.faceyogapassion.com\/en\/groupe-jouvence-prestige\/#breadcrumb\"},\"inLanguage\":\"en-US\",\"potentialAction\":[{\"@type\":\"ReadAction\",\"target\":[\"https:\/\/www.faceyogapassion.com\/en\/groupe-jouvence-prestige\/\"]}]},{\"@type\":\"ImageObject\",\"inLanguage\":\"en-US\",\"@id\":\"https:\/\/www.faceyogapassion.com\/en\/groupe-jouvence-prestige\/#primaryimage\",\"url\":\"https:\/\/www.faceyogapassion.com\/wp-content\/uploads\/2020\/04\/Marie-Reine-Kabis-FYP-01.jpg\",\"contentUrl\":\"https:\/\/www.faceyogapassion.com\/wp-content\/uploads\/2020\/04\/Marie-Reine-Kabis-FYP-01.jpg\"},{\"@type\":\"BreadcrumbList\",\"@id\":\"https:\/\/www.faceyogapassion.com\/en\/groupe-jouvence-prestige\/#breadcrumb\",\"itemListElement\":[{\"@type\":\"ListItem\",\"position\":1,\"name\":\"Accueil\",\"item\":\"https:\/\/www.faceyogapassion.com\/en\/dany\/\"},{\"@type\":\"ListItem\",\"position\":2,\"name\":\"Groupe Jouvence Prestige\"}]},{\"@type\":\"WebSite\",\"@id\":\"https:\/\/www.faceyogapassion.com\/#website\",\"url\":\"https:\/\/www.faceyogapassion.com\/\",\"name\":\"Face Yoga Passion\",\"description\":\"Find your flow in your glow!\",\"publisher\":{\"@id\":\"https:\/\/www.faceyogapassion.com\/#organization\"},\"potentialAction\":[{\"@type\":\"SearchAction\",\"target\":{\"@type\":\"EntryPoint\",\"urlTemplate\":\"https:\/\/www.faceyogapassion.com\/?s={search_term_string}\"},\"query-input\":{\"@type\":\"PropertyValueSpecification\",\"valueRequired\":true,\"valueName\":\"search_term_string\"}}],\"inLanguage\":\"en-US\"},{\"@type\":\"Organization\",\"@id\":\"https:\/\/www.faceyogapassion.com\/#organization\",\"name\":\"Face Yoga Passion\",\"url\":\"https:\/\/www.faceyogapassion.com\/\",\"logo\":{\"@type\":\"ImageObject\",\"inLanguage\":\"en-US\",\"@id\":\"https:\/\/www.faceyogapassion.com\/#\/schema\/logo\/image\/\",\"url\":\"https:\/\/www.faceyogapassion.com\/wp-content\/uploads\/2022\/04\/logo.jpg\",\"contentUrl\":\"https:\/\/www.faceyogapassion.com\/wp-content\/uploads\/2022\/04\/logo.jpg\",\"width\":1280,\"height\":582,\"caption\":\"Face Yoga Passion\"},\"image\":{\"@id\":\"https:\/\/www.faceyogapassion.com\/#\/schema\/logo\/image\/\"},\"sameAs\":[\"https:\/\/www.facebook.com\/faceyogapassion\/\",\"https:\/\/www.instagram.com\/face_yoga_passion\/\",\"https:\/\/www.linkedin.com\/company\/face-yoga-passion\/\",\"https:\/\/www.youtube.com\/channel\/UCIZlVsnS0j4UEtY2TZ2iDYQ\"]}]}<\/script>\n<!-- \/ Yoast SEO plugin. -->","yoast_head_json":{"title":"Groupe Jouvence Prestige - Face Yoga Passion","robots":{"index":"index","follow":"follow","max-snippet":"max-snippet:-1","max-image-preview":"max-image-preview:large","max-video-preview":"max-video-preview:-1"},"canonical":"https:\/\/www.faceyogapassion.com\/en\/groupe-jouvence-prestige\/","og_locale":"en_US","og_type":"article","og_title":"Groupe Jouvence Prestige - Face Yoga Passion","og_description":"[vc_row css_animation=&#8221;&#8221; row_type=&#8221;row&#8221; use_row_as_full_screen_section=&#8221;no&#8221; type=&#8221;grid&#8221; angled_section=&#8221;no&#8221; text_align=&#8221;left&#8221; background_image_as_pattern=&#8221;without_pattern&#8221; z_index=&#8221;&#8221; css=&#8221;.vc_custom_1587755722972{padding-top: 60px !important;padding-bottom: 60px !important;}&#8221;][vc_column width=&#8221;1\/2&#8243;][vc_column_text] Solution Anti-\u00c2ge Pr\u00eates \u00e0 raviver votre apparence, ralentir les signes du temps, obtenir un teint radieux et reprendre confiance en vous? Tout NATURELLEMENT. Vous \u00eates \u00e0 la bonne place! Vous...","og_url":"https:\/\/www.faceyogapassion.com\/en\/groupe-jouvence-prestige\/","og_site_name":"Face Yoga Passion","article_publisher":"https:\/\/www.facebook.com\/faceyogapassion\/","article_modified_time":"2020-04-24T20:13:39+00:00","og_image":[{"url":"https:\/\/www.faceyogapassion.com\/wp-content\/uploads\/2020\/04\/Marie-Reine-Kabis-FYP-01.jpg","type":"","width":"","height":""}],"twitter_card":"summary_large_image","schema":{"@context":"https:\/\/schema.org","@graph":[{"@type":"WebPage","@id":"https:\/\/www.faceyogapassion.com\/en\/groupe-jouvence-prestige\/","url":"https:\/\/www.faceyogapassion.com\/en\/groupe-jouvence-prestige\/","name":"Groupe Jouvence Prestige - Face Yoga Passion","isPartOf":{"@id":"https:\/\/www.faceyogapassion.com\/#website"},"primaryImageOfPage":{"@id":"https:\/\/www.faceyogapassion.com\/en\/groupe-jouvence-prestige\/#primaryimage"},"image":{"@id":"https:\/\/www.faceyogapassion.com\/en\/groupe-jouvence-prestige\/#primaryimage"},"thumbnailUrl":"https:\/\/www.faceyogapassion.com\/wp-content\/uploads\/2020\/04\/Marie-Reine-Kabis-FYP-01.jpg","datePublished":"2020-04-24T19:11:21+00:00","dateModified":"2020-04-24T20:13:39+00:00","breadcrumb":{"@id":"https:\/\/www.faceyogapassion.com\/en\/groupe-jouvence-prestige\/#breadcrumb"},"inLanguage":"en-US","potentialAction":[{"@type":"ReadAction","target":["https:\/\/www.faceyogapassion.com\/en\/groupe-jouvence-prestige\/"]}]},{"@type":"ImageObject","inLanguage":"en-US","@id":"https:\/\/www.faceyogapassion.com\/en\/groupe-jouvence-prestige\/#primaryimage","url":"https:\/\/www.faceyogapassion.com\/wp-content\/uploads\/2020\/04\/Marie-Reine-Kabis-FYP-01.jpg","contentUrl":"https:\/\/www.faceyogapassion.com\/wp-content\/uploads\/2020\/04\/Marie-Reine-Kabis-FYP-01.jpg"},{"@type":"BreadcrumbList","@id":"https:\/\/www.faceyogapassion.com\/en\/groupe-jouvence-prestige\/#breadcrumb","itemListElement":[{"@type":"ListItem","position":1,"name":"Accueil","item":"https:\/\/www.faceyogapassion.com\/en\/dany\/"},{"@type":"ListItem","position":2,"name":"Groupe Jouvence Prestige"}]},{"@type":"WebSite","@id":"https:\/\/www.faceyogapassion.com\/#website","url":"https:\/\/www.faceyogapassion.com\/","name":"Face Yoga Passion","description":"Find your flow in your glow!","publisher":{"@id":"https:\/\/www.faceyogapassion.com\/#organization"},"potentialAction":[{"@type":"SearchAction","target":{"@type":"EntryPoint","urlTemplate":"https:\/\/www.faceyogapassion.com\/?s={search_term_string}"},"query-input":{"@type":"PropertyValueSpecification","valueRequired":true,"valueName":"search_term_string"}}],"inLanguage":"en-US"},{"@type":"Organization","@id":"https:\/\/www.faceyogapassion.com\/#organization","name":"Face Yoga Passion","url":"https:\/\/www.faceyogapassion.com\/","logo":{"@type":"ImageObject","inLanguage":"en-US","@id":"https:\/\/www.faceyogapassion.com\/#\/schema\/logo\/image\/","url":"https:\/\/www.faceyogapassion.com\/wp-content\/uploads\/2022\/04\/logo.jpg","contentUrl":"https:\/\/www.faceyogapassion.com\/wp-content\/uploads\/2022\/04\/logo.jpg","width":1280,"height":582,"caption":"Face Yoga Passion"},"image":{"@id":"https:\/\/www.faceyogapassion.com\/#\/schema\/logo\/image\/"},"sameAs":["https:\/\/www.facebook.com\/faceyogapassion\/","https:\/\/www.instagram.com\/face_yoga_passion\/","https:\/\/www.linkedin.com\/company\/face-yoga-passion\/","https:\/\/www.youtube.com\/channel\/UCIZlVsnS0j4UEtY2TZ2iDYQ"]}]}},"_links":{"self":[{"href":"https:\/\/www.faceyogapassion.com\/en\/wp-json\/wp\/v2\/pages\/2836","targetHints":{"allow":["GET"]}}],"collection":[{"href":"https:\/\/www.faceyogapassion.com\/en\/wp-json\/wp\/v2\/pages"}],"about":[{"href":"https:\/\/www.faceyogapassion.com\/en\/wp-json\/wp\/v2\/types\/page"}],"author":[{"embeddable":true,"href":"https:\/\/www.faceyogapassion.com\/en\/wp-json\/wp\/v2\/users\/3"}],"replies":[{"embeddable":true,"href":"https:\/\/www.faceyogapassion.com\/en\/wp-json\/wp\/v2\/comments?post=2836"}],"version-history":[{"count":0,"href":"https:\/\/www.faceyogapassion.com\/en\/wp-json\/wp\/v2\/pages\/2836\/revisions"}],"wp:attachment":[{"href":"https:\/\/www.faceyogapassion.com\/en\/wp-json\/wp\/v2\/media?parent=2836"}],"curies":[{"name":"wp","href":"https:\/\/api.w.org\/{rel}","templated":true}]}}